{"id":24207,"date":"2025-09-22T14:09:51","date_gmt":"2025-09-22T14:09:51","guid":{"rendered":"https:\/\/www.afis.africa\/sb_speaker\/amine-bouabid\/"},"modified":"2025-11-03T13:09:39","modified_gmt":"2025-11-03T12:09:39","slug":"amine-bouabid","status":"publish","type":"sb_speaker","link":"https:\/\/www.afis.africa\/en\/sb_speaker\/amine-bouabid\/","title":{"rendered":"Amine BOUABID"},"content":{"rendered":"<p>Amine BOUABID incarne l\u2019essor panafricain de BANK OF AFRICA, o\u00f9 il occupe, depuis novembre\u00a02021, le poste de Directeur G\u00e9n\u00e9ral Ex\u00e9cutif en charge de l\u2019Afrique. Son parcours de plus de 20\u00a0ans dans le secteur bancaire t\u00e9moigne d\u2019une vision strat\u00e9gique et d\u2019un leadership avis\u00e9.<\/p>\n<p>Depuis 2015, il dirige puis pr\u00e9side BOA Group S.A., soci\u00e9t\u00e9 holding du groupe, active dans plus de 18 pays africains et en France, avec un bilan consolid\u00e9 de 10,2 milliards d\u2019euros en 2023. \u00c0 la t\u00eate de ce r\u00e9seau, M. BOUABID met en \u0153uvre des strat\u00e9gies de croissance visant \u00e0 renforcer l\u2019int\u00e9gration r\u00e9gionale et la comp\u00e9titivit\u00e9 des filiales du groupe malgr\u00e9 les d\u00e9fis que connait le secteur sur le continent.<\/p>\n<p>En 1996, M. BOUABID s\u2019est vu confier la mission de cr\u00e9er SALAFIN, \u00e9tablissement de cr\u00e9dit \u00e0 la consommation, filiale de BANK OF AFRICA. II y a \u0153uvr\u00e9 activement jusqu\u2019en 2015. SALAFIN a fait son entr\u00e9e, en 2007, \u00e0 la Bourse de Casablanca. Elle affiche, en 2015, une capitalisation boursi\u00e8re de 170 millions USD et l\u2019une des meilleures rentabilit\u00e9s de la place avec un ROE de l\u2019ordre de 20% pour des fonds propres avoisinant les 65 millions USD.<\/p>\n<p>Visionnaire, M. BOUABID a \u00e9galement contribu\u00e9 aux r\u00e9formes du march\u00e9 financier marocain,\u00a0participant au lancement du premier indice boursier priv\u00e9 de la Bourse de Casablanca, refl\u00e9tant sa d\u00e9termination \u00e0 moderniser et d\u00e9velopper les march\u00e9s financiers dans la r\u00e9gion.<\/p>\n","protected":false},"featured_media":0,"template":"","evenement-salon":[133,132],"class_list":["post-24207","sb_speaker","type-sb_speaker","status-publish","hentry","evenement-salon-133","evenement-salon-132"],"acf":[],"yoast_head":"<!-- This site is optimized with the Yoast SEO plugin v27.3 - https:\/\/yoast.com\/product\/yoast-seo-wordpress\/ -->\n<title>Amine BOUABID - The African Financial Summit Platform<\/title>\n<meta name=\"robots\" content=\"index, follow, max-snippet:-1, max-image-preview:large, max-video-preview:-1\" \/>\n<link rel=\"canonical\" href=\"https:\/\/www.afis.africa\/en\/sb_speaker\/amine-bouabid\/\" \/>\n<meta property=\"og:locale\" content=\"en_US\" \/>\n<meta property=\"og:type\" content=\"article\" \/>\n<meta property=\"og:title\" content=\"Amine BOUABID - The African Financial Summit Platform\" \/>\n<meta property=\"og:description\" content=\"Amine BOUABID incarne l\u2019essor panafricain de BANK OF AFRICA, o\u00f9 il occupe, depuis novembre\u00a02021, le poste de Directeur G\u00e9n\u00e9ral Ex\u00e9cutif en charge de l\u2019Afrique. Son parcours de plus de 20\u00a0ans dans le secteur bancaire t\u00e9moigne d\u2019une vision strat\u00e9gique et d\u2019un leadership avis\u00e9. Depuis 2015, il dirige puis pr\u00e9side BOA Group S.A., soci\u00e9t\u00e9 holding du groupe, [&hellip;]\" \/>\n<meta property=\"og:url\" content=\"https:\/\/www.afis.africa\/en\/sb_speaker\/amine-bouabid\/\" \/>\n<meta property=\"og:site_name\" content=\"The African Financial Summit Platform\" \/>\n<meta property=\"article:modified_time\" content=\"2025-11-03T12:09:39+00:00\" \/>\n<meta name=\"twitter:card\" content=\"summary_large_image\" \/>\n<meta name=\"twitter:label1\" content=\"Est. reading time\" \/>\n\t<meta name=\"twitter:data1\" content=\"1 minute\" \/>\n<script type=\"application\/ld+json\" class=\"yoast-schema-graph\">{\"@context\":\"https:\\\/\\\/schema.org\",\"@graph\":[{\"@type\":\"WebPage\",\"@id\":\"https:\\\/\\\/www.afis.africa\\\/en\\\/sb_speaker\\\/amine-bouabid\\\/\",\"url\":\"https:\\\/\\\/www.afis.africa\\\/en\\\/sb_speaker\\\/amine-bouabid\\\/\",\"name\":\"Amine BOUABID - The African Financial Summit Platform\",\"isPartOf\":{\"@id\":\"https:\\\/\\\/www.afis.africa\\\/fr\\\/#website\"},\"datePublished\":\"2025-09-22T14:09:51+00:00\",\"dateModified\":\"2025-11-03T12:09:39+00:00\",\"breadcrumb\":{\"@id\":\"https:\\\/\\\/www.afis.africa\\\/en\\\/sb_speaker\\\/amine-bouabid\\\/#breadcrumb\"},\"inLanguage\":\"en-US\",\"potentialAction\":[{\"@type\":\"ReadAction\",\"target\":[\"https:\\\/\\\/www.afis.africa\\\/en\\\/sb_speaker\\\/amine-bouabid\\\/\"]}]},{\"@type\":\"BreadcrumbList\",\"@id\":\"https:\\\/\\\/www.afis.africa\\\/en\\\/sb_speaker\\\/amine-bouabid\\\/#breadcrumb\",\"itemListElement\":[{\"@type\":\"ListItem\",\"position\":1,\"name\":\"Home\",\"item\":\"https:\\\/\\\/www.afis.africa\\\/en\\\/\"},{\"@type\":\"ListItem\",\"position\":2,\"name\":\"Amine BOUABID\"}]},{\"@type\":\"WebSite\",\"@id\":\"https:\\\/\\\/www.afis.africa\\\/fr\\\/#website\",\"url\":\"https:\\\/\\\/www.afis.africa\\\/fr\\\/\",\"name\":\"The African Financial Summit Platform\",\"description\":\"\",\"publisher\":{\"@id\":\"https:\\\/\\\/www.afis.africa\\\/fr\\\/#organization\"},\"potentialAction\":[{\"@type\":\"SearchAction\",\"target\":{\"@type\":\"EntryPoint\",\"urlTemplate\":\"https:\\\/\\\/www.afis.africa\\\/fr\\\/?s={search_term_string}\"},\"query-input\":{\"@type\":\"PropertyValueSpecification\",\"valueRequired\":true,\"valueName\":\"search_term_string\"}}],\"inLanguage\":\"en-US\"},{\"@type\":\"Organization\",\"@id\":\"https:\\\/\\\/www.afis.africa\\\/fr\\\/#organization\",\"name\":\"The African Financial Summit Platform\",\"url\":\"https:\\\/\\\/www.afis.africa\\\/fr\\\/\",\"logo\":{\"@type\":\"ImageObject\",\"inLanguage\":\"en-US\",\"@id\":\"https:\\\/\\\/www.afis.africa\\\/fr\\\/#\\\/schema\\\/logo\\\/image\\\/\",\"url\":\"https:\\\/\\\/www.afis.africa\\\/wp-content\\\/uploads\\\/2022\\\/10\\\/cropped-AFIS-1-1.jpg\",\"contentUrl\":\"https:\\\/\\\/www.afis.africa\\\/wp-content\\\/uploads\\\/2022\\\/10\\\/cropped-AFIS-1-1.jpg\",\"width\":529,\"height\":191,\"caption\":\"The African Financial Summit Platform\"},\"image\":{\"@id\":\"https:\\\/\\\/www.afis.africa\\\/fr\\\/#\\\/schema\\\/logo\\\/image\\\/\"}}]}<\/script>\n<!-- \/ Yoast SEO plugin. -->","yoast_head_json":{"title":"Amine BOUABID - The African Financial Summit Platform","robots":{"index":"index","follow":"follow","max-snippet":"max-snippet:-1","max-image-preview":"max-image-preview:large","max-video-preview":"max-video-preview:-1"},"canonical":"https:\/\/www.afis.africa\/en\/sb_speaker\/amine-bouabid\/","og_locale":"en_US","og_type":"article","og_title":"Amine BOUABID - The African Financial Summit Platform","og_description":"Amine BOUABID incarne l\u2019essor panafricain de BANK OF AFRICA, o\u00f9 il occupe, depuis novembre\u00a02021, le poste de Directeur G\u00e9n\u00e9ral Ex\u00e9cutif en charge de l\u2019Afrique. Son parcours de plus de 20\u00a0ans dans le secteur bancaire t\u00e9moigne d\u2019une vision strat\u00e9gique et d\u2019un leadership avis\u00e9. Depuis 2015, il dirige puis pr\u00e9side BOA Group S.A., soci\u00e9t\u00e9 holding du groupe, [&hellip;]","og_url":"https:\/\/www.afis.africa\/en\/sb_speaker\/amine-bouabid\/","og_site_name":"The African Financial Summit Platform","article_modified_time":"2025-11-03T12:09:39+00:00","twitter_card":"summary_large_image","twitter_misc":{"Est. reading time":"1 minute"},"schema":{"@context":"https:\/\/schema.org","@graph":[{"@type":"WebPage","@id":"https:\/\/www.afis.africa\/en\/sb_speaker\/amine-bouabid\/","url":"https:\/\/www.afis.africa\/en\/sb_speaker\/amine-bouabid\/","name":"Amine BOUABID - The African Financial Summit Platform","isPartOf":{"@id":"https:\/\/www.afis.africa\/fr\/#website"},"datePublished":"2025-09-22T14:09:51+00:00","dateModified":"2025-11-03T12:09:39+00:00","breadcrumb":{"@id":"https:\/\/www.afis.africa\/en\/sb_speaker\/amine-bouabid\/#breadcrumb"},"inLanguage":"en-US","potentialAction":[{"@type":"ReadAction","target":["https:\/\/www.afis.africa\/en\/sb_speaker\/amine-bouabid\/"]}]},{"@type":"BreadcrumbList","@id":"https:\/\/www.afis.africa\/en\/sb_speaker\/amine-bouabid\/#breadcrumb","itemListElement":[{"@type":"ListItem","position":1,"name":"Home","item":"https:\/\/www.afis.africa\/en\/"},{"@type":"ListItem","position":2,"name":"Amine BOUABID"}]},{"@type":"WebSite","@id":"https:\/\/www.afis.africa\/fr\/#website","url":"https:\/\/www.afis.africa\/fr\/","name":"The African Financial Summit Platform","description":"","publisher":{"@id":"https:\/\/www.afis.africa\/fr\/#organization"},"potentialAction":[{"@type":"SearchAction","target":{"@type":"EntryPoint","urlTemplate":"https:\/\/www.afis.africa\/fr\/?s={search_term_string}"},"query-input":{"@type":"PropertyValueSpecification","valueRequired":true,"valueName":"search_term_string"}}],"inLanguage":"en-US"},{"@type":"Organization","@id":"https:\/\/www.afis.africa\/fr\/#organization","name":"The African Financial Summit Platform","url":"https:\/\/www.afis.africa\/fr\/","logo":{"@type":"ImageObject","inLanguage":"en-US","@id":"https:\/\/www.afis.africa\/fr\/#\/schema\/logo\/image\/","url":"https:\/\/www.afis.africa\/wp-content\/uploads\/2022\/10\/cropped-AFIS-1-1.jpg","contentUrl":"https:\/\/www.afis.africa\/wp-content\/uploads\/2022\/10\/cropped-AFIS-1-1.jpg","width":529,"height":191,"caption":"The African Financial Summit Platform"},"image":{"@id":"https:\/\/www.afis.africa\/fr\/#\/schema\/logo\/image\/"}}]}},"_links":{"self":[{"href":"https:\/\/www.afis.africa\/en\/wp-json\/wp\/v2\/sb_speaker\/24207","targetHints":{"allow":["GET"]}}],"collection":[{"href":"https:\/\/www.afis.africa\/en\/wp-json\/wp\/v2\/sb_speaker"}],"about":[{"href":"https:\/\/www.afis.africa\/en\/wp-json\/wp\/v2\/types\/sb_speaker"}],"version-history":[{"count":1,"href":"https:\/\/www.afis.africa\/en\/wp-json\/wp\/v2\/sb_speaker\/24207\/revisions"}],"predecessor-version":[{"id":24208,"href":"https:\/\/www.afis.africa\/en\/wp-json\/wp\/v2\/sb_speaker\/24207\/revisions\/24208"}],"wp:attachment":[{"href":"https:\/\/www.afis.africa\/en\/wp-json\/wp\/v2\/media?parent=24207"}],"wp:term":[{"taxonomy":"evenement-salon","embeddable":true,"href":"https:\/\/www.afis.africa\/en\/wp-json\/wp\/v2\/evenement-salon?post=24207"}],"curies":[{"name":"wp","href":"https:\/\/api.w.org\/{rel}","templated":true}]}}